{"id":2765,"date":"2023-04-06T11:22:25","date_gmt":"2023-04-06T09:22:25","guid":{"rendered":"https:\/\/reflectyourstyle.ch\/?page_id=2765"},"modified":"2025-02-25T13:52:15","modified_gmt":"2025-02-25T12:52:15","slug":"faqs","status":"publish","type":"page","link":"https:\/\/reflectyourstyle.ch\/fr\/faqs\/","title":{"rendered":"FAQs"},"content":{"rendered":"\n<section class=\"content bright  fullwidth\" style=\"--gradient:#ff26d3, #81d742\">\n<div class=\"content\">\t\n\t\t\n\n\n\n\n<p class=\"has-medium-font-size wp-block-paragraph\">Nous r\u00e9pondons ici \u00e0 vos questions les plus fr\u00e9quentes sur l\u2019initiative pour une consommation responsable des produits textiles. Si vous avez d\u2019autres questions, n\u2019h\u00e9sitez pas \u00e0 nous contacter \u00e0 l\u2019adresse <a href=\"mailto:initiative@sts2030.ch\">initiative@sts2030.ch<\/a>.<\/p>\n\n\n\n<div class=\"wp-block-group faq-wrapper\"><div class=\"wp-block-group__inner-container is-layout-constrained wp-block-group-is-layout-constrained\">\n<details class=\"wp-block-details faq-element is-layout-flow wp-block-details-is-layout-flow\"><summary>Qui est derri\u00e8re l&rsquo;initiative reflect your style ?<\/summary>\n<p class=\"wp-block-paragraph\">L\u2019initiative <em>reflect your style<\/em> a \u00e9t\u00e9 lanc\u00e9e par le programme <a href=\"https:\/\/www.sts2030.ch\/?lang=fr\">Sustainable Textiles Switzerland&nbsp;2030<\/a> (STS&nbsp;2030), dont le but est d\u2019amener le secteur suisse du textile et de l\u2019habillement \u00e0 atteindre les objectifs de d\u00e9veloppement durable (ODD) des Nations Unies d\u2019ici 2030. Ce programme r\u00e9alis\u00e9 par les trois organisations<a href=\"https:\/\/www.swisstextiles.ch\/en\/\"> Swiss Textiles<\/a>, <a href=\"https:\/\/ch.amfori.org\/fr\">amfori <\/a>et <a href=\"https:\/\/www.swissfairtrade.ch\/fr\/\">Swiss Fair Trade<\/a> re\u00e7oit un soutien financier et strat\u00e9gique du <a href=\"https:\/\/www.seco.admin.ch\/seco\/fr\/home.html\">Secr\u00e9tariat d\u2019\u00c9tat \u00e0 l\u2019\u00e9conomie (SECO)<\/a> et de l\u2019<a href=\"https:\/\/www.bafu.admin.ch\/bafu\/fr\/home.html\">Office f\u00e9d\u00e9ral de l\u2019environnement (OFEV).<\/a><\/p>\n\n\n\n<p class=\"wp-block-paragraph\">STS 2030 a d\u00e9fini des objectifs de durabilit\u00e9 communs avec les acteurs du secteur suisse du textile et de l\u2019habillement qui se sont engag\u00e9s dans le programme :<\/p>\n\n\n\n<ul class=\"wp-block-list\">\n<li>r\u00e9duire les \u00e9missions de gaz \u00e0 effet de serre ;<\/li>\n\n\n\n<li>\u0153uvrer en faveur de salaires \u00e9quitables et de conditions de travail dignes pour tous et toutes ;<\/li>\n\n\n\n<li>encourager des mod\u00e8les d\u2019affaires novateurs en vue de mettre en place une \u00e9conomie circulaire ;<\/li>\n\n\n\n<li>instaurer la transparence afin de permettre aux client\u00b7e\u00b7s de d\u00e9cider en connaissance de cause.<\/li>\n<\/ul>\n\n\n\n<p class=\"wp-block-paragraph\">Pour atteindre cet objectif de transparence, le programme STS 2030 a lanc\u00e9 l\u2019initiative reflect your style dans le but d\u2019aider les consommateur\u00b7trice\u00b7s \u00e0 opter pour un mode de consommation durable.<\/p>\n<\/details>\n<\/div><\/div>\n\n\n\n<div class=\"wp-block-group faq-wrapper\"><div class=\"wp-block-group__inner-container is-layout-constrained wp-block-group-is-layout-constrained\">\n<details class=\"wp-block-details faq-element is-layout-flow wp-block-details-is-layout-flow\"><summary>Quels sont les objectifs de l\u2019initiative\u00a0?<\/summary>\n<p class=\"wp-block-paragraph\">L\u2019initiative <em>reflect your style<\/em> entend amener les consommateur\u00b7trice\u00b7s \u00e0 adopter un mode de consommation durable et \u00e9quitable des produits textiles. Par le biais de ses canaux de communication, elle vise trois buts&nbsp;: sensibiliser la population \u00e0 l\u2019importance d\u2019une consommation r\u00e9fl\u00e9chie, dans laquelle le sens des responsabilit\u00e9s n\u2019enl\u00e8ve rien au plaisir, l\u2019inviter \u00e0 r\u00e9fl\u00e9chir \u00e0 son rapport aux produits textiles et l\u2019amener \u00e0 modifier durablement ses habitudes d\u2019achat.<\/p>\n<\/details>\n<\/div><\/div>\n\n\n\n<div class=\"wp-block-group faq-wrapper\"><div class=\"wp-block-group__inner-container is-layout-constrained wp-block-group-is-layout-constrained\">\n<details class=\"wp-block-details faq-element is-layout-flow wp-block-details-is-layout-flow\"><summary>Comment <em>reflect your style <\/em>entend-elle atteindre ses objectifs\u00a0?<\/summary>\n<p class=\"wp-block-paragraph\">Dans un premier temps, jusqu\u2019en \u00e9t\u00e9&nbsp;2023, l\u2019initiative est men\u00e9e sur des canaux virtuels surtout.<\/p>\n\n\n\n<p class=\"wp-block-paragraph\">Le <strong>site Internet<\/strong> reflectyourstyle.ch contient un blog qui regorge de conseils et d\u2019informations de base sur les textiles durables. En cliquant sur le bouton <em>reflect and act<\/em>, les personnes int\u00e9ress\u00e9es peuvent aussi signer l\u2019initiative afin d\u2019adh\u00e9rer \u00e0 la campagne en faveur d\u2019une consommation plus responsable de produits textiles. Le site leur propose \u00e9galement de r\u00e9pondre \u00e0 quelques questions qui leur permettent d\u2019indiquer leurs priorit\u00e9s parmi les sujets abord\u00e9s par l\u2019initiative ou de communiquer des besoins particuliers aux responsables de l\u2019initiative. S\u2019abonner \u00e0 l\u2019infolettre, qui para\u00eet une fois par mois environ, est une autre possibilit\u00e9 de se tenir au courant des derniers conseils, id\u00e9es et informations factuelles de <em>reflect your style<\/em>.<\/p>\n\n\n\n<p class=\"wp-block-paragraph\">Sur les <strong>r\u00e9seaux sociaux<\/strong>, l\u2019initiative est pr\u00e9sente dans un premier temps sur <a href=\"https:\/\/www.instagram.com\/reflectyourstyle.ch\/\">Instagram <\/a>et <a href=\"https:\/\/www.facebook.com\/reflectyourstyle.ch\/\">Facebook<\/a>. Avec le hashtag #reflectyourstyle, elle recueille des adh\u00e9sions et cr\u00e9e un mouvement&nbsp;: des entreprises, des communes et des villes, des personnalit\u00e9s, des influenceur\u00b7euse\u00b7s et des consommacteur\u00b7trice\u00b7s s\u2019unissent pour d\u00e9fendre publiquement une mode \u00e9thique. L\u2019initiative invite toutes les personnes int\u00e9ress\u00e9es \u00e0 partager avec ce hashtag leurs styles et leurs id\u00e9es pour une consommation r\u00e9fl\u00e9chie.<\/p>\n\n\n\n<p class=\"wp-block-paragraph\">Dans un second temps, l\u2019initiative aura aussi recours \u00e0 d\u2019autres canaux de communication, tels que des affiches et des dispositifs \u00e9lectroniques dans l\u2019espace public ainsi que d\u2019autres canaux, tant num\u00e9riques qu\u2019analogiques.<\/p>\n<\/details>\n<\/div><\/div>\n\n\n\n<div class=\"wp-block-group faq-wrapper\"><div class=\"wp-block-group__inner-container is-layout-constrained wp-block-group-is-layout-constrained\">\n<details class=\"wp-block-details faq-element is-layout-flow wp-block-details-is-layout-flow\"><summary>Qui finance l\u2019initiative\u00a0?<\/summary>\n<p class=\"wp-block-paragraph\">La conception et la mise en \u0153uvre de l\u2019initiative ont diverses sources de financement&nbsp;: les organisations responsables du programme STS&nbsp;2030 (Swiss Textiles, amfori, Swiss Fair Trade), l\u2019Office f\u00e9d\u00e9ral de l\u2019environnement (OFEV) et diverses fondations priv\u00e9es.<\/p>\n<\/details>\n<\/div><\/div>\n\n\n\n<div class=\"wp-block-group faq-wrapper\"><div class=\"wp-block-group__inner-container is-layout-constrained wp-block-group-is-layout-constrained\">\n<details class=\"wp-block-details faq-element is-layout-flow wp-block-details-is-layout-flow\"><summary>Qui figure dans le menu \u00ab\u00a0R\u00e9seau\u00a0\u00bb du site internet de l\u2019initiative\u00a0?<\/summary>\n<p class=\"wp-block-paragraph\">Les actrices et acteurs de la branche suisse du textile et de l\u2019habillement qui ont souscrit aux objectifs de Sustainable Textiles Switzerland&nbsp;2030. Les liens qui figurent sur le site pr\u00e9sentent les efforts que ces actrices et acteurs consentent dans le domaine de la durabilit\u00e9.<\/p>\n\n\n\n<p class=\"wp-block-paragraph\">Les personnes et institutions qui contribuent au succ\u00e8s du programme Sustainable Textiles Switzerland&nbsp;2030 en mettant \u00e0 disposition leurs comp\u00e9tences dans une <a href=\"https:\/\/www.sts2030.ch\/toolbox\/?lang=fr\">bo\u00eete \u00e0 outils<\/a>.<\/p>\n<\/details>\n<\/div><\/div>\n\n\n\n<div class=\"wp-block-group faq-wrapper\"><div class=\"wp-block-group__inner-container is-layout-constrained wp-block-group-is-layout-constrained\">\n<details class=\"wp-block-details faq-element is-layout-flow wp-block-details-is-layout-flow\"><summary>L\u2019initiative <em>reflect your style<\/em> formule-t-elle des recommandations d\u2019achat\u00a0? Et peut-on y placer de la publicit\u00e9\u00a0?<\/summary>\n<p class=\"wp-block-paragraph\"><em>Reflect your style<\/em> n\u2019est pas une plateforme publicitaire. Son blog aborde toutefois les efforts que diff\u00e9rents actrices et acteurs du secteur du textile et de l\u2019habillement consacrent \u00e0 la durabilit\u00e9, pour autant que leurs approches et leurs pistes de solution contribuent \u00e0 la vulgarisation et \u00e0 la sensibilisation et qu\u2019ils puissent int\u00e9resser des lecteur\u00b7trice\u00b7s.<\/p>\n<\/details>\n<\/div><\/div>\n\n\n\n<div class=\"wp-block-group faq-wrapper\"><div class=\"wp-block-group__inner-container is-layout-constrained wp-block-group-is-layout-constrained\">\n<details class=\"wp-block-details faq-element is-layout-flow wp-block-details-is-layout-flow\"><summary>Comment l\u2019initiative pr\u00e9vient-elle l\u2019\u00e9coblanchiment\u00a0?<\/summary>\n<p class=\"wp-block-paragraph\">L\u2019initiative <em>reflect your style<\/em> accueille une pluralit\u00e9 de visions dans ses rubriques et invite non seulement des acteur\u00b7trice\u00b7s du secteur du textile et de l\u2019habillement, mais aussi des organisations faisant campagne pour la durabilit\u00e9 \u00e0 pr\u00e9senter leurs opinions et leurs th\u00e8ses sur ses canaux. Elle offre ainsi \u00e0 ses lecteur\u00b7trice\u00b7s un vaste choix d\u2019informations et les aide \u00e0 aborder tout en nuances la question de la durabilit\u00e9 dans la branche du textile et de l\u2019habillement.<\/p>\n\n\n\n<p class=\"wp-block-paragraph\">Plut\u00f4t que de pr\u00e9senter des solutions parfaites, l\u2019initiative <em>reflect your style<\/em> se propose de faire conna\u00eetre les efforts \u00e0 consentir pour atteindre les objectifs de durabilit\u00e9. Elle contribue ainsi \u00e0 la vulgarisation et \u00e0 la r\u00e9flexion critique.<\/p>\n<\/details>\n<\/div><\/div>\n\n\n\n<div class=\"wp-block-group faq-wrapper\"><div class=\"wp-block-group__inner-container is-layout-constrained wp-block-group-is-layout-constrained\">\n<details class=\"wp-block-details faq-element is-layout-flow wp-block-details-is-layout-flow\"><summary>Qui \u00e9crit les articles du blog de <em>reflect your style<\/em> et quels sujets y sont abord\u00e9s\u00a0?<\/summary>\n<p class=\"wp-block-paragraph\">Les articles du blog sont r\u00e9dig\u00e9s par divers auteur\u00b7e\u00b7s&nbsp;: des membres de l\u2019\u00e9quipe de l\u2019initiative <em>reflect your style<\/em>, des sp\u00e9cialistes de la branche du textile et de l\u2019habillement ainsi que des organisations \u00e0 l\u2019origine de Sustainable Textiles Switzerland&nbsp;2030, sans oublier des personnalit\u00e9s en rapport avec ce domaine. Chaque article est sign\u00e9.<\/p>\n\n\n\n<p class=\"wp-block-paragraph\">Les sujets abord\u00e9s dans le blog s\u2019alignent sur les objectifs du programme STS&nbsp;2030 et fournissent des informations sur le textile durable et \u00e9quitable dans trois rubriques&nbsp;: <em>good to know<\/em> (informations g\u00e9n\u00e9rales sur la durabilit\u00e9 dans le secteur du textile), <em>ideas<\/em> (trucs et astuces pour une mode responsable au quotidien) et <em>stories<\/em> (r\u00e9cits de personnes militant pour la durabilit\u00e9 dans le textile, de leurs id\u00e9es et des difficult\u00e9s qu\u2019elles rencontrent).<\/p>\n<\/details>\n<\/div><\/div>\n\n\n\n<div class=\"wp-block-group faq-wrapper\"><div class=\"wp-block-group__inner-container is-layout-constrained wp-block-group-is-layout-constrained\">\n<details class=\"wp-block-details faq-element is-layout-flow wp-block-details-is-layout-flow\"><summary>Comment mon entreprise ou mon organisation peut-elle s\u2019engager pour l\u2019initiative <em>reflect your style<\/em>\u00a0?<\/summary>\n<p class=\"wp-block-paragraph\">Il y a plusieurs fa\u00e7ons de s\u2019engager et toutes sont utiles. Les acteur\u00b7trice\u00b7s ayant adh\u00e9r\u00e9 \u00e0 STS&nbsp;2030 peuvent promouvoir l\u2019initiative en demandant \u00e0 un de leurs membres de prendre des photos ou des vid\u00e9os face \u00e0 une surface r\u00e9fl\u00e9chissante et d\u2019y ajouter un commentaire en lien avec les textiles durables et \u00e9quitables.<\/p>\n\n\n\n<p class=\"wp-block-paragraph\">Ces acteur\u00b7trice\u00b7s, mais aussi d\u2019autres personnes souhaitant soutenir l\u2019initiative, peuvent \u00e9galement r\u00e9diger des articles pour le blog, dont le sujet et le contenu sont \u00e9labor\u00e9s d\u2019entente avec l\u2019\u00e9quipe de l\u2019initiative et valid\u00e9s par les organisations \u00e0 l\u2019origine de STS&nbsp;2030.<\/p>\n\n\n\n<p class=\"wp-block-paragraph\">Il est \u00e9galement possible de contribuer \u00e0 la r\u00e9alisation des objectifs de l\u2019initiative en partageant et en suivant des contenus sur les r\u00e9seaux sociaux \u00e0 l\u2019aide du hashtag #reflectyourstyle.<\/p>\n<\/details>\n<\/div><\/div>\n","protected":false},"excerpt":{"rendered":"<p>Nous r\u00e9pondons ici \u00e0 vos questions les plus fr\u00e9quentes sur l\u2019initiative pour une consommation responsable des produits textiles. Si vous avez d\u2019autres questions, n\u2019h\u00e9sitez pas \u00e0 nous contacter \u00e0 l\u2019adresse initiative@sts2030.ch.<\/p>\n","protected":false},"author":5,"featured_media":0,"parent":0,"menu_order":0,"comment_status":"closed","ping_status":"closed","template":"","meta":{"_acf_changed":false,"footnotes":""},"class_list":["post-2765","page","type-page","status-publish","hentry"],"acf":[],"yoast_head":"<!-- This site is optimized with the Yoast SEO plugin v25.3.1 - https:\/\/yoast.com\/wordpress\/plugins\/seo\/ -->\n<title>FAQs - reflect your style<\/title>\n<meta name=\"description\" content=\"Nous r\u00e9pondons ici \u00e0 vos questions les plus fr\u00e9quentes sur l\u2019initiative pour une consommation responsable des produits textiles.\" \/>\n<meta name=\"robots\" content=\"index, follow, max-snippet:-1, max-image-preview:large, max-video-preview:-1\" \/>\n<link rel=\"canonical\" href=\"https:\/\/reflectyourstyle.ch\/fr\/faqs\/\" \/>\n<meta property=\"og:locale\" content=\"fr_FR\" \/>\n<meta property=\"og:type\" content=\"article\" \/>\n<meta property=\"og:title\" content=\"FAQs - reflect your style\" \/>\n<meta property=\"og:description\" content=\"Nous r\u00e9pondons ici \u00e0 vos questions les plus fr\u00e9quentes sur l\u2019initiative pour une consommation responsable des produits textiles.\" \/>\n<meta property=\"og:url\" content=\"https:\/\/reflectyourstyle.ch\/fr\/faqs\/\" \/>\n<meta property=\"og:site_name\" content=\"reflect your style\" \/>\n<meta property=\"article:modified_time\" content=\"2025-02-25T12:52:15+00:00\" \/>\n<meta name=\"twitter:card\" content=\"summary_large_image\" \/>\n<meta name=\"twitter:label1\" content=\"Dur\u00e9e de lecture estim\u00e9e\" \/>\n\t<meta name=\"twitter:data1\" content=\"7 minutes\" \/>\n<script type=\"application\/ld+json\" class=\"yoast-schema-graph\">{\"@context\":\"https:\/\/schema.org\",\"@graph\":[{\"@type\":\"WebPage\",\"@id\":\"https:\/\/reflectyourstyle.ch\/fr\/faqs\/\",\"url\":\"https:\/\/reflectyourstyle.ch\/fr\/faqs\/\",\"name\":\"FAQs - reflect your style\",\"isPartOf\":{\"@id\":\"https:\/\/reflectyourstyle.ch\/fr\/#website\"},\"datePublished\":\"2023-04-06T09:22:25+00:00\",\"dateModified\":\"2025-02-25T12:52:15+00:00\",\"description\":\"Nous r\u00e9pondons ici \u00e0 vos questions les plus fr\u00e9quentes sur l\u2019initiative pour une consommation responsable des produits textiles.\",\"breadcrumb\":{\"@id\":\"https:\/\/reflectyourstyle.ch\/fr\/faqs\/#breadcrumb\"},\"inLanguage\":\"fr-FR\",\"potentialAction\":[{\"@type\":\"ReadAction\",\"target\":[\"https:\/\/reflectyourstyle.ch\/fr\/faqs\/\"]}]},{\"@type\":\"BreadcrumbList\",\"@id\":\"https:\/\/reflectyourstyle.ch\/fr\/faqs\/#breadcrumb\",\"itemListElement\":[{\"@type\":\"ListItem\",\"position\":1,\"name\":\"Startseite\",\"item\":\"https:\/\/reflectyourstyle.ch\/fr\/\"},{\"@type\":\"ListItem\",\"position\":2,\"name\":\"FAQs\"}]},{\"@type\":\"WebSite\",\"@id\":\"https:\/\/reflectyourstyle.ch\/fr\/#website\",\"url\":\"https:\/\/reflectyourstyle.ch\/fr\/\",\"name\":\"reflect your style\",\"description\":\"\",\"potentialAction\":[{\"@type\":\"SearchAction\",\"target\":{\"@type\":\"EntryPoint\",\"urlTemplate\":\"https:\/\/reflectyourstyle.ch\/fr\/?s={search_term_string}\"},\"query-input\":{\"@type\":\"PropertyValueSpecification\",\"valueRequired\":true,\"valueName\":\"search_term_string\"}}],\"inLanguage\":\"fr-FR\"}]}<\/script>\n<!-- \/ Yoast SEO plugin. -->","yoast_head_json":{"title":"FAQs - reflect your style","description":"Nous r\u00e9pondons ici \u00e0 vos questions les plus fr\u00e9quentes sur l\u2019initiative pour une consommation responsable des produits textiles.","robots":{"index":"index","follow":"follow","max-snippet":"max-snippet:-1","max-image-preview":"max-image-preview:large","max-video-preview":"max-video-preview:-1"},"canonical":"https:\/\/reflectyourstyle.ch\/fr\/faqs\/","og_locale":"fr_FR","og_type":"article","og_title":"FAQs - reflect your style","og_description":"Nous r\u00e9pondons ici \u00e0 vos questions les plus fr\u00e9quentes sur l\u2019initiative pour une consommation responsable des produits textiles.","og_url":"https:\/\/reflectyourstyle.ch\/fr\/faqs\/","og_site_name":"reflect your style","article_modified_time":"2025-02-25T12:52:15+00:00","twitter_card":"summary_large_image","twitter_misc":{"Dur\u00e9e de lecture estim\u00e9e":"7 minutes"},"schema":{"@context":"https:\/\/schema.org","@graph":[{"@type":"WebPage","@id":"https:\/\/reflectyourstyle.ch\/fr\/faqs\/","url":"https:\/\/reflectyourstyle.ch\/fr\/faqs\/","name":"FAQs - reflect your style","isPartOf":{"@id":"https:\/\/reflectyourstyle.ch\/fr\/#website"},"datePublished":"2023-04-06T09:22:25+00:00","dateModified":"2025-02-25T12:52:15+00:00","description":"Nous r\u00e9pondons ici \u00e0 vos questions les plus fr\u00e9quentes sur l\u2019initiative pour une consommation responsable des produits textiles.","breadcrumb":{"@id":"https:\/\/reflectyourstyle.ch\/fr\/faqs\/#breadcrumb"},"inLanguage":"fr-FR","potentialAction":[{"@type":"ReadAction","target":["https:\/\/reflectyourstyle.ch\/fr\/faqs\/"]}]},{"@type":"BreadcrumbList","@id":"https:\/\/reflectyourstyle.ch\/fr\/faqs\/#breadcrumb","itemListElement":[{"@type":"ListItem","position":1,"name":"Startseite","item":"https:\/\/reflectyourstyle.ch\/fr\/"},{"@type":"ListItem","position":2,"name":"FAQs"}]},{"@type":"WebSite","@id":"https:\/\/reflectyourstyle.ch\/fr\/#website","url":"https:\/\/reflectyourstyle.ch\/fr\/","name":"reflect your style","description":"","potentialAction":[{"@type":"SearchAction","target":{"@type":"EntryPoint","urlTemplate":"https:\/\/reflectyourstyle.ch\/fr\/?s={search_term_string}"},"query-input":{"@type":"PropertyValueSpecification","valueRequired":true,"valueName":"search_term_string"}}],"inLanguage":"fr-FR"}]}},"_links":{"self":[{"href":"https:\/\/reflectyourstyle.ch\/fr\/wp-json\/wp\/v2\/pages\/2765","targetHints":{"allow":["GET"]}}],"collection":[{"href":"https:\/\/reflectyourstyle.ch\/fr\/wp-json\/wp\/v2\/pages"}],"about":[{"href":"https:\/\/reflectyourstyle.ch\/fr\/wp-json\/wp\/v2\/types\/page"}],"author":[{"embeddable":true,"href":"https:\/\/reflectyourstyle.ch\/fr\/wp-json\/wp\/v2\/users\/5"}],"replies":[{"embeddable":true,"href":"https:\/\/reflectyourstyle.ch\/fr\/wp-json\/wp\/v2\/comments?post=2765"}],"version-history":[{"count":20,"href":"https:\/\/reflectyourstyle.ch\/fr\/wp-json\/wp\/v2\/pages\/2765\/revisions"}],"predecessor-version":[{"id":4044,"href":"https:\/\/reflectyourstyle.ch\/fr\/wp-json\/wp\/v2\/pages\/2765\/revisions\/4044"}],"wp:attachment":[{"href":"https:\/\/reflectyourstyle.ch\/fr\/wp-json\/wp\/v2\/media?parent=2765"}],"curies":[{"name":"wp","href":"https:\/\/api.w.org\/{rel}","templated":true}]}}